{"id":24223,"date":"2024-09-02T10:08:51","date_gmt":"2024-09-02T08:08:51","guid":{"rendered":"https:\/\/www.neurosciences.asso.fr\/parrainages\/"},"modified":"2026-04-09T17:54:11","modified_gmt":"2026-04-09T15:54:11","slug":"parrainages","status":"publish","type":"page","link":"https:\/\/www.neurosciences.asso.fr\/en\/parrainages\/","title":{"rendered":"Sponsorship"},"content":{"rendered":"<div class=\"wpb-content-wrapper\">[vc_row][vc_column][vc_column_text css=&#8221;&#8221;]\n<h2>Parrainages<\/h2>\n[\/vc_column_text][\/vc_column][\/vc_row][vc_row css=&#8221;.vc_custom_1720772053772{padding-top: -20px !important;padding-bottom: -20px !important;background-color: #ffffff !important;}&#8221;][vc_column][vc_column_text css=&#8221;&#8221;]Les membres de la Soci\u00e9t\u00e9 des Neurosciences participant \u00e0 l\u2019organisation de colloques dans le domaine des neurosciences peuvent demander le parrainage de la Soci\u00e9t\u00e9. Ce parrainage ne comportera pas de contribution financi\u00e8re.<\/p>\n<p>La Soci\u00e9t\u00e9 s\u2019engage pour garantir une meilleure repr\u00e9sentation de la diversit\u00e9 de la communaut\u00e9 de la recherche. Les demandes de parrainage qui ne satisferaient pas \u00e0 ce point seront refus\u00e9es.<\/p>\n<p><strong><a href=\"https:\/\/www.neurosciences.asso.fr\/wp-content\/uploads\/2025\/10\/Demande_parrainage.docx\" target=\"_blank\" rel=\"noopener\">Formulaire parrainage<\/a><\/strong><br \/>\n<a href=\"mailto:info@societe-neurosciences.fr\"><strong>Nous contacter<\/strong><\/a>[\/vc_column_text][vc_text_separator title=&#8221;2026&#8243; title_align=&#8221;separator_align_left&#8221; color=&#8221;custom&#8221; css=&#8221;&#8221; accent_color=&#8221;#1F325E&#8221;][vc_row_inner][vc_column_inner width=&#8221;1\/2&#8243;][vc_cta h2=&#8221;&#8221; css=&#8221;.vc_custom_1775750049191{background-color: #ffffff !important;}&#8221;]\n<h4><span style=\"color: #1f325e;\"><strong>Joint meeting of French and Italian Neuroscience Societies<\/strong><\/span><\/h4>\n<p><strong>Barcelona, Spain &#8211; Sunday, July 5th, 2026 from 3:00 PM to 8:00 PM<\/strong><\/p>\n<p>This meeting is organized by Miriam Melis (University of Cagliari, Italy) and Marcello Solinas (University of Poitiers, Inserm U1074, France) as a satellite of the FENS Forum 2026, to be held in Barcelona.<\/p>\n<p>&nbsp;<\/p>\n<p><strong>15:00-15:10 Greeting by Marcello Solinas (France) and Miriam Melis (Italy)<\/strong><\/p>\n<p>&nbsp;<\/p>\n<p><strong>15:10-16:40 SINS-SdN Symposium 1: Neurodevelopmental Processes and Cognitive Challenges<\/strong><\/p>\n<p>Speakers:<br \/>\n\u2022 S1.1: Neurodevelopment and brain disorders \u2013 Simona Lodato (Milan, Italy)<br \/>\n\u2022 S1.2: Neurobiology of Social Cognition \u2013 Francesco Papaleo (Genoa, Italy)<br \/>\n\u2022 S1.3: Brain mechanisms of social influences on craving and health-related decision-making \u2013 Leonie Koban (Lyon, France)<\/p>\n<p>&nbsp;<\/p>\n<p><strong>16:40-17:10 Keynote lecture: A cannabinoid view on brain functions<\/strong><\/p>\n<p>Giovanni Marsicano (Bordeaux, France)<\/p>\n<p>&nbsp;<\/p>\n<p><strong>17:10-18:40 SdN-SINS Symposium 2: Neurobiological Mechanisms of Behavior and Decision-Making<\/strong><\/p>\n<p>Speakers:<\/p>\n<p>\u2022 S2.1: Dopamine and Decision-Making Processes \u2013 Philippe Faure (Paris, France)<\/p>\n<p>\u2022 S2.2: From Stress Reactivity to Dysfunction: Neurobiological Mechanisms and Translational Insights \u2013 Patrizia Campolongo (Rome, Italy)<\/p>\n<p>\u2022 S2.3: Neurobiology of pain and associated psychiatric disorders \u2013 Ipeck Yalcin (Strasbourg, France)<\/p>\n<p>&nbsp;<\/p>\n<p>This event received the patronage of the French and the Italian Neuroscience Societies.<\/p>\n<p><a href=\"https:\/\/docs.google.com\/forms\/d\/e\/1FAIpQLSeRe71sMPiPzYWOsPK4evLEn9TxkrR6JqlEy25O70Sx92l9aw\/viewform\" target=\"_blank\" rel=\"noopener\">Registration<\/a>[\/vc_cta][\/vc_column_inner][vc_column_inner width=&#8221;1\/2&#8243;][vc_cta h2=&#8221;&#8221; css=&#8221;.vc_custom_1773129233936{background-color: #ffffff !important;}&#8221;]\n<h4><strong><span style=\"color: #1f325e;\">Neurotech Lille 2026 \u2013 \u00ab\u00a0Cerveau, neurotechnologies et mod\u00e8les de l\u2019esprit : dialogues entre sciences et philosophie\u00a0\u00bb<\/span><\/strong><\/h4>\n<p><strong>Chartreuse de Neuville &#8211; 23 et 24 juin 2026<\/strong><\/p>\n<p><a href=\"https:\/\/www.univ-catholille.fr\/evenements\/colloque-neurotech-lille-2026\/\" target=\"_blank\" rel=\"noopener\">Plus d&#8217;informations<\/a><\/p>\n<p>&nbsp;<\/p>\n<p style=\"text-align: center;\"><a href=\"https:\/\/www.neurosciences.asso.fr\/wp-content\/uploads\/2026\/03\/RS-Ethics-colloque-Neurotech-2026-1080x1350-V1-1638x2048-1-240x300.jpg\"><img loading=\"lazy\" decoding=\"async\" class=\"size-medium wp-image-28852 aligncenter\" src=\"https:\/\/www.neurosciences.asso.fr\/wp-content\/uploads\/2026\/03\/RS-Ethics-colloque-Neurotech-2026-1080x1350-V1-1638x2048-1-240x300.jpg\" alt=\"\" width=\"240\" height=\"300\" srcset=\"https:\/\/www.neurosciences.asso.fr\/wp-content\/uploads\/2026\/03\/RS-Ethics-colloque-Neurotech-2026-1080x1350-V1-1638x2048-1-240x300.jpg 240w, https:\/\/www.neurosciences.asso.fr\/wp-content\/uploads\/2026\/03\/RS-Ethics-colloque-Neurotech-2026-1080x1350-V1-1638x2048-1-819x1024.jpg 819w, https:\/\/www.neurosciences.asso.fr\/wp-content\/uploads\/2026\/03\/RS-Ethics-colloque-Neurotech-2026-1080x1350-V1-1638x2048-1-768x960.jpg 768w, https:\/\/www.neurosciences.asso.fr\/wp-content\/uploads\/2026\/03\/RS-Ethics-colloque-Neurotech-2026-1080x1350-V1-1638x2048-1-1229x1536.jpg 1229w, https:\/\/www.neurosciences.asso.fr\/wp-content\/uploads\/2026\/03\/RS-Ethics-colloque-Neurotech-2026-1080x1350-V1-1638x2048-1.jpg 1638w\" sizes=\"auto, (max-width: 240px) 100vw, 240px\" \/><\/a><\/p>\n[\/vc_cta][vc_cta h2=&#8221;&#8221; css=&#8221;.vc_custom_1773129419076{background-color: #ffffff !important;}&#8221;]\n<h4><span style=\"color: #003366;\"><strong>CFNI 2026 Conference<\/strong><\/span><\/h4>\n<p><strong>Cit\u00e9 des Congr\u00e8s de Nantes &#8211; 29 mai 2026<\/strong><\/p>\n<p>Le symposium annuel du Club Fran\u00e7ais de NeuroImmunologie (CFNI) se tiendra \u00e0 Nantes le 29 mai prochain. Une excellente occasion de pr\u00e9senter vos travaux sur tous les aspects de la neuroimmunologie !<\/p>\n<p style=\"text-align: left;\"><a href=\"https:\/\/cfni-nantes2026.sciencesconf.org\/?lang=en\" target=\"_blank\" rel=\"noopener\">Plus d&#8217;informations<\/a><\/p>\n<p style=\"text-align: center;\"><a href=\"https:\/\/www.neurosciences.asso.fr\/wp-content\/uploads\/2026\/03\/Right_Pic_avec_QR_logo_400_x_600_px_1-200x300.png\"><img loading=\"lazy\" decoding=\"async\" class=\"size-medium wp-image-28850 aligncenter\" src=\"https:\/\/www.neurosciences.asso.fr\/wp-content\/uploads\/2026\/03\/Right_Pic_avec_QR_logo_400_x_600_px_1-200x300.png\" alt=\"\" width=\"200\" height=\"300\" srcset=\"https:\/\/www.neurosciences.asso.fr\/wp-content\/uploads\/2026\/03\/Right_Pic_avec_QR_logo_400_x_600_px_1-200x300.png 200w, https:\/\/www.neurosciences.asso.fr\/wp-content\/uploads\/2026\/03\/Right_Pic_avec_QR_logo_400_x_600_px_1.png 400w\" sizes=\"auto, (max-width: 200px) 100vw, 200px\" \/><\/a><\/p>\n[\/vc_cta][\/vc_column_inner][\/vc_row_inner][vc_text_separator title=&#8221;2025&#8243; title_align=&#8221;separator_align_left&#8221; color=&#8221;custom&#8221; css=&#8221;&#8221; accent_color=&#8221;#1F325E&#8221;][vc_row_inner][vc_column_inner width=&#8221;1\/2&#8243;][vc_cta h2=&#8221;&#8221; css=&#8221;.vc_custom_1748421490905{background-color: #ffffff !important;}&#8221;]\n<h4><span style=\"color: #1f325e;\"><strong>Congr\u00e8s du Sommeil<\/strong><\/span><\/h4>\n<p><strong>Palais des congr\u00e8s de Strasbourg, du 19 au 21 novembre 2025<\/strong><\/p>\n<p>Le Congr\u00e8s du Sommeil est organis\u00e9 par la <a href=\"https:\/\/www.sfrms-sommeil.org\/\" target=\"_blank\" rel=\"noopener\">Soci\u00e9t\u00e9 Fran\u00e7aise de Recherche et M\u00e9decine du Sommeil<\/a> et la <a href=\"https:\/\/splf.fr\/\" target=\"_blank\" rel=\"noopener\">Soci\u00e9t\u00e9 de Pneumologie de Langue Fran\u00e7aise<\/a> (Groupe Sommeil), en collaboration avec la Soci\u00e9t\u00e9 Fran\u00e7aise des Techniciens du Sommeil.<\/p>\n<p>Cette rencontre offre un programme scientifique riche, multidisciplinaire, couvrant tous les champs d\u2019application de la m\u00e9decine du sommeil, port\u00e9 par les sp\u00e9cialistes les plus reconnus internationalement.<\/p>\n<p>Cette ann\u00e9e, le congr\u00e8s aura lieu du 19 au 21 novembre \u00e0 Strasbourg et en virtuel.<\/p>\n<p>Plus d\u2019informations sur le <a href=\"https:\/\/www.lecongresdusommeil.com\/\" target=\"_blank\" rel=\"noopener\">site internet de l\u2019\u00e9v\u00e9nement<\/a>.<\/p>\n<p>&nbsp;<\/p>\n<p><a href=\"https:\/\/www.neurosciences.asso.fr\/wp-content\/uploads\/2025\/05\/Capture-de\u0301cran-2025-05-28-a\u0300-10.28.47-300x155.png\"><img loading=\"lazy\" decoding=\"async\" class=\"alignnone size-medium wp-image-26285\" src=\"https:\/\/www.neurosciences.asso.fr\/wp-content\/uploads\/2025\/05\/Capture-de\u0301cran-2025-05-28-a\u0300-10.28.47-300x155.png\" alt=\"\" width=\"300\" height=\"155\" srcset=\"https:\/\/www.neurosciences.asso.fr\/wp-content\/uploads\/2025\/05\/Capture-de\u0301cran-2025-05-28-a\u0300-10.28.47-300x155.png 300w, https:\/\/www.neurosciences.asso.fr\/wp-content\/uploads\/2025\/05\/Capture-de\u0301cran-2025-05-28-a\u0300-10.28.47-768x396.png 768w, https:\/\/www.neurosciences.asso.fr\/wp-content\/uploads\/2025\/05\/Capture-de\u0301cran-2025-05-28-a\u0300-10.28.47.png 796w\" sizes=\"auto, (max-width: 300px) 100vw, 300px\" \/><\/a>[\/vc_cta][\/vc_column_inner][vc_column_inner width=&#8221;1\/2&#8243;][vc_cta h2=&#8221;&#8221; css=&#8221;.vc_custom_1761039912072{background-color: #ffffff !important;}&#8221;]\n<h4><span style=\"color: #1f325e;\"><strong>31\u00e8mes Rencontres en Toxinologie (RT31) de la Soci\u00e9t\u00e9 Fran\u00e7aise pour l&#8217;\u00c9tude des Toxines (SFET)<\/strong><\/span><\/h4>\n<p><strong>H\u00f4tel Saint Paul, Nice, les 1 et 2 d\u00e9cembre 2025<\/strong><\/p>\n<p>La <a href=\"http:\/\/sfet.asso.fr\/\" target=\"_blank\" rel=\"noopener\">Soci\u00e9t\u00e9 Fran\u00e7aise pour l\u2019\u00c9tude des Toxines<\/a> est une petite association \u00e0 but non lucratif cr\u00e9\u00e9e en 1993 selon le statut \u00ab loi 1901 \u00bb. Depuis, <a href=\"http:\/\/sfet.asso.fr\/archives-rt\/archives.html\" target=\"_blank\" rel=\"noopener\">29 Rencontres<\/a> en Toxinologie organis\u00e9es par la SFET ont eu lieu \u00e0 Paris et 1 \u00e0 Nice, et 3 autres ont \u00e9t\u00e9 coorganis\u00e9es avec des soci\u00e9t\u00e9s de toxinologie \u00e9trang\u00e8res (IST, GT, SITOX). Depuis 2005, la langue officielle des Rencontres est l\u2019anglais.<\/p>\n<p>Cette ann\u00e9e, le th\u00e8me retenu pour les 31\u00e8mes Rencontres (RT31), qui se d\u00e9rouleront \u00e0 nouveau \u00e0 l\u2019H\u00f4tel Saint Paul \u00e0 Nice, est \u00ab Toxines : Jouer avec et les combattre! \/ Toxins : Playing with and fighting them! \u00bb.<\/p>\n<p>A nouveau, cet \u00e9v\u00e9nement rassemblera une centaine de chercheurs, m\u00e9decins, pharmaciens, industriels, postdoctorants et \u00e9tudiants impliqu\u00e9s dans la recherche sur les toxines, quelle que soit l\u2019origine animale, v\u00e9g\u00e9tale, fongique, bact\u00e9rienne de ces toxines.<\/p>\n<p>Outre les 10 conf\u00e9renciers invit\u00e9s (dont 1 \u00ab keynote \u00bb), tous experts internationaux dans ce domaine de recherche, 15-20 chercheurs fran\u00e7ais et \u00e9trangers, de tous niveaux professionnels, pr\u00e9senteront des communications orales s\u00e9lectionn\u00e9es sur r\u00e9sum\u00e9s, et\/ou des posters.<\/p>\n<p>La SFET esp\u00e8re vous accueillir nombreux \u00e0 l\u2019occasion de ces RT31\u00a0!<\/p>\n<p><a href=\"http:\/\/sfet.asso.fr\/inscription-rt31.html\" target=\"_blank\" rel=\"noopener\">Inscriptions<\/a><\/p>\n<p><a href=\"http:\/\/sfet.asso.fr\/abstract-rt31.html\" target=\"_blank\" rel=\"noopener\">Soumission de r\u00e9sum\u00e9<\/a><\/p>\n<p>Contact: sfet.asso@gmail.com<\/p>\n<p><a href=\"https:\/\/www.neurosciences.asso.fr\/wp-content\/uploads\/2025\/10\/Capture-de\u0301cran-2025-10-21-a\u0300-11.44.36-224x300.png\"><img loading=\"lazy\" decoding=\"async\" class=\"alignnone size-medium wp-image-27435\" src=\"https:\/\/www.neurosciences.asso.fr\/wp-content\/uploads\/2025\/10\/Capture-de\u0301cran-2025-10-21-a\u0300-11.44.36-224x300.png\" alt=\"\" width=\"224\" height=\"300\" srcset=\"https:\/\/www.neurosciences.asso.fr\/wp-content\/uploads\/2025\/10\/Capture-de\u0301cran-2025-10-21-a\u0300-11.44.36-224x300.png 224w, https:\/\/www.neurosciences.asso.fr\/wp-content\/uploads\/2025\/10\/Capture-de\u0301cran-2025-10-21-a\u0300-11.44.36-765x1024.png 765w, https:\/\/www.neurosciences.asso.fr\/wp-content\/uploads\/2025\/10\/Capture-de\u0301cran-2025-10-21-a\u0300-11.44.36-768x1028.png 768w, https:\/\/www.neurosciences.asso.fr\/wp-content\/uploads\/2025\/10\/Capture-de\u0301cran-2025-10-21-a\u0300-11.44.36-1148x1536.png 1148w, https:\/\/www.neurosciences.asso.fr\/wp-content\/uploads\/2025\/10\/Capture-de\u0301cran-2025-10-21-a\u0300-11.44.36-1531x2048.png 1531w, https:\/\/www.neurosciences.asso.fr\/wp-content\/uploads\/2025\/10\/Capture-de\u0301cran-2025-10-21-a\u0300-11.44.36.png 1574w\" sizes=\"auto, (max-width: 224px) 100vw, 224px\" \/><\/a>[\/vc_cta][\/vc_column_inner][\/vc_row_inner][vc_empty_space][vc_text_separator title=&#8221;2024&#8243; title_align=&#8221;separator_align_left&#8221; color=&#8221;custom&#8221; css=&#8221;&#8221; accent_color=&#8221;#1F325E&#8221;][\/vc_column][\/vc_row][vc_row][vc_column width=&#8221;1\/2&#8243;][vc_cta h2=&#8221;&#8221; css=&#8221;.vc_custom_1725264322912{background-color: #ffffff !important;}&#8221;]\n<h4><span style=\"color: #1f325e;\"><strong>Centenaire de la description du \u00ab Syndrome d\u2019illusion des sosies \u00bb par Joseph Capgras<\/strong><\/span><\/h4>\n<p><strong>Amphith\u00e9\u00e2tre Deniker, h\u00f4pital Sainte-Anne, le 24\/04\/2024<\/strong><\/p>\n<p>Inscription (gratuite mais obligatoire)[\/vc_cta][vc_cta h2=&#8221;&#8221; css=&#8221;.vc_custom_1725264248037{background-color: #ffffff !important;}&#8221;]\n<h4 style=\"text-align: center;\"><span style=\"color: #1f325e;\"><strong><a href=\"https:\/\/www.neurosciences.asso.fr\/wp-content\/uploads\/2024\/06\/Capture-decran-2024-06-07-a-14.25.35-300x119.png\"><img loading=\"lazy\" decoding=\"async\" class=\"wp-image-23512 aligncenter\" src=\"https:\/\/www.neurosciences.asso.fr\/wp-content\/uploads\/2024\/06\/Capture-decran-2024-06-07-a-14.25.35-300x119.png\" alt=\"\" width=\"361\" height=\"143\" srcset=\"https:\/\/www.neurosciences.asso.fr\/wp-content\/uploads\/2024\/06\/Capture-decran-2024-06-07-a-14.25.35-300x119.png 300w, https:\/\/www.neurosciences.asso.fr\/wp-content\/uploads\/2024\/06\/Capture-decran-2024-06-07-a-14.25.35-1024x408.png 1024w, https:\/\/www.neurosciences.asso.fr\/wp-content\/uploads\/2024\/06\/Capture-decran-2024-06-07-a-14.25.35-768x306.png 768w, https:\/\/www.neurosciences.asso.fr\/wp-content\/uploads\/2024\/06\/Capture-decran-2024-06-07-a-14.25.35-1536x612.png 1536w, https:\/\/www.neurosciences.asso.fr\/wp-content\/uploads\/2024\/06\/Capture-decran-2024-06-07-a-14.25.35-2048x815.png 2048w\" sizes=\"auto, (max-width: 361px) 100vw, 361px\" \/><\/a><\/strong><\/span><\/h4>\n<h4><span style=\"color: #1f325e;\"><strong>Catania International Summer School of Neuroscience<\/strong><\/span><\/h4>\n<p>The XXI Summer School of Neuroscience will be held in Catania from 15 to 19 July 2024 on the theme \u00ab Memory deficit and dementia: progress in physiology and hope for a cure \u00bb.<\/p>\n<p><a href=\"https:\/\/www.neurosciences.asso.fr\/wp-content\/uploads\/2024\/06\/Locandina-CISSN-2024-gdg.pdf\" target=\"_blank\" rel=\"noopener\">Program<\/a><\/p>\n<p><a href=\"https:\/\/meeting-planner.it\/evento\/xxi-cissn-2024-catania-international-summer-school-of-neuroscience-2024\/\" target=\"_blank\" rel=\"noopener\">More information<\/a>[\/vc_cta][vc_cta h2=&#8221;&#8221; css=&#8221;.vc_custom_1725263829924{background-color: #ffffff !important;}&#8221;]\n<h4><span style=\"color: #1f325e;\"><strong>Workshop \u00ab\u00a0Linking brain structure &amp; function at the nanoscale: an interdisciplinary workshop\u00a0\u00bb <\/strong><\/span><\/h4>\n<p><strong>Hybride format \u2013 26-27 september 2024<\/strong><\/p>\n<p>The brain is composed of various specialized cells, characterized by complex, nanoscopic shapes. Recent technical advances such as cryo- and volume electron microscopy have enabled reconstructing cells and organelles at unprecedented spatial resolution, paving the way for new discoveries on cell structure-function coupling at the subcellular level.<br \/>\nThis interdisciplinary workshop aims to bring together experts from diverse fields who contribute to improving our understanding of the nanoscale landscape of the nervous system and its impact on brain function, from electron microscopy to image analysis, machine learning, deep learning, and computational modeling.<\/p>\n<p>More information on the<a href=\"https:\/\/adenizot.github.io\/workshops\/\" target=\"_blank\" rel=\"noopener\"> event website.<\/a><\/p>\n<p><a href=\"https:\/\/club-de-cellules-gliales.assoconnect.com\/collect\/description\/450527-v-linking-brain-structure-function-at-the-nanoscale-an-interdisciplinary-workshop\" target=\"_blank\" rel=\"noopener\">Registration<\/a><\/p>\n<p style=\"text-align: center;\"><a href=\"https:\/\/www.neurosciences.asso.fr\/wp-content\/uploads\/2024\/07\/nanobrain-workshop-2025-212x300.png\"><img loading=\"lazy\" decoding=\"async\" class=\"wp-image-24199 aligncenter\" src=\"https:\/\/www.neurosciences.asso.fr\/wp-content\/uploads\/2024\/07\/nanobrain-workshop-2025-212x300.png\" alt=\"\" width=\"256\" height=\"362\" srcset=\"https:\/\/www.neurosciences.asso.fr\/wp-content\/uploads\/2024\/07\/nanobrain-workshop-2025-212x300.png 212w, https:\/\/www.neurosciences.asso.fr\/wp-content\/uploads\/2024\/07\/nanobrain-workshop-2025-724x1024.png 724w, https:\/\/www.neurosciences.asso.fr\/wp-content\/uploads\/2024\/07\/nanobrain-workshop-2025-768x1086.png 768w, https:\/\/www.neurosciences.asso.fr\/wp-content\/uploads\/2024\/07\/nanobrain-workshop-2025-1086x1536.png 1086w, https:\/\/www.neurosciences.asso.fr\/wp-content\/uploads\/2024\/07\/nanobrain-workshop-2025-1448x2048.png 1448w, https:\/\/www.neurosciences.asso.fr\/wp-content\/uploads\/2024\/07\/nanobrain-workshop-2025.png 1654w\" sizes=\"auto, (max-width: 256px) 100vw, 256px\" \/><\/a><\/p>\n[\/vc_cta][vc_cta h2=&#8221;&#8221; css=&#8221;.vc_custom_1732180430430{background-color: #ffffff !important;}&#8221;]\n<h4><span style=\"color: #1f325e;\"><strong>30\u00e8mes\u00a0Rencontres en Toxinologie de la Soci\u00e9t\u00e9 Fran\u00e7aise pour l&#8217;Etude des Toxines (SFET)<\/strong><\/span><\/h4>\n<p><strong>Nice \u2013 2-3 d\u00e9cembre 2024<\/strong><\/p>\n<p>&#8220;D\u00e9verrouiller les secrets profonds des toxines&#8221;<\/p>\n<p><a href=\"http:\/\/sfet.asso.fr\/images\/stories\/SFET\/pdf\/RT30-programme_avec%20SdN_18nov_PM.pdf\" target=\"_blank\" rel=\"noopener\">Programme<\/a><\/p>\n<p><a href=\"http:\/\/sfet.asso.fr\/inscription-rt30.html\" target=\"_blank\" rel=\"noopener\">Inscription<\/a><\/p>\n<p><a href=\"https:\/\/www.neurosciences.asso.fr\/wp-content\/uploads\/2024\/11\/Capture-decran-2024-11-21-a-10.12.47-300x135.png\"><img loading=\"lazy\" decoding=\"async\" class=\"wp-image-24669 aligncenter\" src=\"https:\/\/www.neurosciences.asso.fr\/wp-content\/uploads\/2024\/11\/Capture-decran-2024-11-21-a-10.12.47-300x135.png\" alt=\"\" width=\"480\" height=\"216\" srcset=\"https:\/\/www.neurosciences.asso.fr\/wp-content\/uploads\/2024\/11\/Capture-decran-2024-11-21-a-10.12.47-300x135.png 300w, https:\/\/www.neurosciences.asso.fr\/wp-content\/uploads\/2024\/11\/Capture-decran-2024-11-21-a-10.12.47-1024x461.png 1024w, https:\/\/www.neurosciences.asso.fr\/wp-content\/uploads\/2024\/11\/Capture-decran-2024-11-21-a-10.12.47-768x346.png 768w, https:\/\/www.neurosciences.asso.fr\/wp-content\/uploads\/2024\/11\/Capture-decran-2024-11-21-a-10.12.47.png 1338w\" sizes=\"auto, (max-width: 480px) 100vw, 480px\" \/><\/a>[\/vc_cta][\/vc_column][vc_column width=&#8221;1\/2&#8243;][vc_cta h2=&#8221;&#8221; css=&#8221;.vc_custom_1725264258184{background-color: #ffffff !important;}&#8221;]\n<h4><span style=\"color: #1f325e;\"><strong>Summer School : \u00ab\u00a0Innovations : Neurosciences en Secteur Public et Priv\u00e9\u00a0\u00bb<\/strong><\/span><\/h4>\n<p><strong>Universit\u00e9 de N\u00eemes, site Vauban \u2013 8-12 juillet 2024<\/strong><\/p>\n<p>Cette Summer School est spe\u0301cialement conc\u0327ue pour les e\u0301tudiants de Master 2, les doctorants, les post-doctorants ainsi que les chercheurs en Occitanie, re\u0301gion riche en potentiel neuroscientifique. Elle vise a\u0300 comple\u0301ter leur formation essentiellement axe\u0301e sur les matie\u0300res scientifiques en leur apportant des compe\u0301tences entrepreneuriales et en e\u0301largissant leur re\u0301seau professionnel.<\/p>\n<p><a href=\"https:\/\/www.unimes.fr\/fr\/recherche\/les-actions\/actualites-recherche\/summer-school-neuroscience.html\" target=\"_blank\" rel=\"noopener\">Programme et inscription<\/a>[\/vc_cta][vc_cta h2=&#8221;&#8221; css=&#8221;.vc_custom_1720706348555{background-color: #ffffff !important;}&#8221;]\n<h4 style=\"text-align: center;\"><span style=\"color: #1f325e;\"><strong><a href=\"https:\/\/www.neurosciences.asso.fr\/wp-content\/uploads\/2024\/06\/SC147_AfficheA3_Small_1-212x300.jpg\"><img loading=\"lazy\" decoding=\"async\" class=\" wp-image-23733 aligncenter\" src=\"https:\/\/www.neurosciences.asso.fr\/wp-content\/uploads\/2024\/06\/SC147_AfficheA3_Small_1-212x300.jpg\" alt=\"\" width=\"287\" height=\"406\" srcset=\"https:\/\/www.neurosciences.asso.fr\/wp-content\/uploads\/2024\/06\/SC147_AfficheA3_Small_1-212x300.jpg 212w, https:\/\/www.neurosciences.asso.fr\/wp-content\/uploads\/2024\/06\/SC147_AfficheA3_Small_1-724x1024.jpg 724w, https:\/\/www.neurosciences.asso.fr\/wp-content\/uploads\/2024\/06\/SC147_AfficheA3_Small_1-768x1086.jpg 768w, https:\/\/www.neurosciences.asso.fr\/wp-content\/uploads\/2024\/06\/SC147_AfficheA3_Small_1.jpg 842w\" sizes=\"auto, (max-width: 287px) 100vw, 287px\" \/><\/a><\/strong><\/span><\/h4>\n<h4><span style=\"color: #1f325e;\"><strong>Early-Life Adversity and Resilience: Multi-Disciplinary Perspectives in a Rapidly Changing World<\/strong><\/span><\/h4>\n<p><strong>September 03, 2024 \u2013 September 05, 2024 \u2013 Ch\u00e2teau Belmont, 57 rue Groison, 37100 Tours<\/strong><\/p>\n<p>This multidisciplinary conference will bring together experts in various fields in early-life adversity and children\u2019s\/youth mental health and well-being.<\/p>\n<p><a href=\"https:\/\/www.lestudium-ias.com\/events\/early-life-adversity-and-resilience-multi-disciplinary-perspectives-rapidly-changing-world\" target=\"_blank\" rel=\"noopener\">Programme et inscription<\/a>[\/vc_cta][vc_cta h2=&#8221;&#8221; css=&#8221;.vc_custom_1720708644490{background-color: #ffffff !important;}&#8221;]\n<h4 style=\"text-align: center;\"><span style=\"color: #1f325e;\"><strong><a href=\"https:\/\/www.neurosciences.asso.fr\/wp-content\/uploads\/2023\/07\/Capture-decran-2023-07-06-a-09.16.43-300x96.png\"><img loading=\"lazy\" decoding=\"async\" class=\"alignnone size-medium wp-image-20242\" src=\"https:\/\/www.neurosciences.asso.fr\/wp-content\/uploads\/2023\/07\/Capture-decran-2023-07-06-a-09.16.43-300x96.png\" alt=\"\" width=\"300\" height=\"96\" srcset=\"https:\/\/www.neurosciences.asso.fr\/wp-content\/uploads\/2023\/07\/Capture-decran-2023-07-06-a-09.16.43-300x96.png 300w, https:\/\/www.neurosciences.asso.fr\/wp-content\/uploads\/2023\/07\/Capture-decran-2023-07-06-a-09.16.43.png 748w\" sizes=\"auto, (max-width: 300px) 100vw, 300px\" \/><\/a><\/strong><\/span><\/h4>\n<h4><span style=\"color: #1f325e;\"><strong>Congr\u00e8s du Sommeil 2024<\/strong><\/span><\/h4>\n<p><strong>20 au 22 novembre 2024 \u2013 Grand Palais de Lille et en ligne<\/strong><\/p>\n<p>Organis\u00e9 conjointement entre la <a href=\"https:\/\/www.sfrms-sommeil.org\/\" target=\"_blank\" rel=\"noopener\">SFRMS<\/a> et la <a href=\"https:\/\/splf.fr\/\" target=\"_blank\" rel=\"noopener\">SPLF<\/a>, le Congr\u00e8s du Sommeil est devenu le rendez-vous annuel incontournable de l\u2019ensemble des experts de cette discipline transversale et pluridisciplinaire ; professionnels de la sant\u00e9, chercheurs, d\u00e9cideurs publics, associations de patients, prestataires, industriels \u2026<\/p>\n<p>L\u2019\u00e9dition 2024 aura lieu du 20 au 22 novembre, au Grand Palais de Lille et une retransmission de tout le programme scientifique sera disponible en ligne.<\/p>\n<p>Lieu d\u2019\u00e9changes privil\u00e9gi\u00e9s sur les innovations en mati\u00e8re de recherche sur le sommeil normal et pathologique, de diagnostic, de prise en charge et de th\u00e9rapeutiques, le Congr\u00e8s du Sommeil\u00ae propose chaque ann\u00e9e un programme sp\u00e9cifique autours de conf\u00e9rences pl\u00e9ni\u00e8res, symposia, appel \u00e0 communication, bourses\u2026<\/p>\n<p>Retrouvez toutes les informations relatives au Congr\u00e8s du sommeil sur le <a href=\"https:\/\/www.lecongresdusommeil.com\/\" target=\"_blank\" rel=\"noopener\">site internet de l\u2019\u00e9v\u00e9nement<\/a>.[\/vc_cta][\/vc_column][\/vc_row][vc_row][vc_column][vc_empty_space][vc_text_separator title=&#8221;2023&#8243; title_align=&#8221;separator_align_left&#8221; color=&#8221;custom&#8221; css=&#8221;&#8221; accent_color=&#8221;#1F325E&#8221;][\/vc_column][\/vc_row][vc_row][vc_column width=&#8221;1\/2&#8243;][vc_cta h2=&#8221;&#8221; css=&#8221;.vc_custom_1720708745016{background-color: #ffffff !important;}&#8221;]\n<h4><span style=\"color: #1f325e;\"><strong>3e Edition de l\u2019Homme c\u00e9r\u00e9bral<\/strong><\/span><\/h4>\n<p><strong>Monaco, 25 mars 2023<\/strong><\/p>\n<p>Th\u00e8me : \u00ab Aider le public, \u00e0 travers des exemples concrets, \u00e0 faire la distinction entre fiction et r\u00e9alit\u00e9, \u00e0 d\u00e9couvrir la complexit\u00e9 et la variabilit\u00e9 derri\u00e8re les \u00e9tiquettes et \u00e0 s\u2019ouvrir \u00e0 une compr\u00e9hension plus compl\u00e8te des nombreuses expressions de notre merveilleux cerveau. \u00bb<\/p>\n<p><a href=\"https:\/\/www.homme-cerebral.org\/2023\/\" target=\"_blank\" rel=\"noopener\">Site<\/a>[\/vc_cta][vc_cta h2=&#8221;&#8221; css=&#8221;.vc_custom_1720709008837{background-color: #ffffff !important;}&#8221;]\n<h4><span style=\"color: #1f325e;\"><strong>27e Congr\u00e8s international d\u2019histoire des neurosciences (ISHN 2023)<\/strong><\/span><\/h4>\n<p><strong>Rennes, 4-8 juillet 2023<\/strong>[\/vc_cta][vc_cta h2=&#8221;&#8221; css=&#8221;.vc_custom_1720771498988{background-color: #ffffff !important;}&#8221;]\n<h4><span style=\"color: #1f325e;\"><strong><a href=\"https:\/\/www.neurosciences.asso.fr\/wp-content\/uploads\/2023\/07\/Capture-decran-2023-07-06-a-09.16.43-300x96.png\"><img loading=\"lazy\" decoding=\"async\" class=\"size-medium wp-image-20242 aligncenter\" src=\"https:\/\/www.neurosciences.asso.fr\/wp-content\/uploads\/2023\/07\/Capture-decran-2023-07-06-a-09.16.43-300x96.png\" alt=\"\" width=\"300\" height=\"96\" srcset=\"https:\/\/www.neurosciences.asso.fr\/wp-content\/uploads\/2023\/07\/Capture-decran-2023-07-06-a-09.16.43-300x96.png 300w, https:\/\/www.neurosciences.asso.fr\/wp-content\/uploads\/2023\/07\/Capture-decran-2023-07-06-a-09.16.43.png 748w\" sizes=\"auto, (max-width: 300px) 100vw, 300px\" \/><\/a><\/strong><\/span><\/h4>\n<h4><span style=\"color: #1f325e;\"><strong>Congr\u00e8s du Sommeil 2023<\/strong><\/span><\/h4>\n<p><strong>Lille et virtuel, du 22 au 24 novembre 2023<\/strong><\/p>\n<p><a href=\"https:\/\/www.lecongresdusommeil.com\/\" target=\"_blank\" rel=\"noopener\">Site<\/a>[\/vc_cta][\/vc_column][vc_column width=&#8221;1\/2&#8243;][vc_cta h2=&#8221;&#8221; css=&#8221;.vc_custom_1720708919272{background-color: #ffffff !important;}&#8221;]\n<h4 style=\"text-align: center;\"><span style=\"color: #1f325e;\"><strong><a href=\"https:\/\/www.neurosciences.asso.fr\/wp-content\/uploads\/2023\/01\/Affiche-ExoEndo-2023-lr-254x300.png\"><img loading=\"lazy\" decoding=\"async\" class=\"alignnone size-medium wp-image-18379 aligncenter\" src=\"https:\/\/www.neurosciences.asso.fr\/wp-content\/uploads\/2023\/01\/Affiche-ExoEndo-2023-lr-254x300.png\" alt=\"\" width=\"254\" height=\"300\" srcset=\"https:\/\/www.neurosciences.asso.fr\/wp-content\/uploads\/2023\/01\/Affiche-ExoEndo-2023-lr-254x300.png 254w, https:\/\/www.neurosciences.asso.fr\/wp-content\/uploads\/2023\/01\/Affiche-ExoEndo-2023-lr-866x1024.png 866w, https:\/\/www.neurosciences.asso.fr\/wp-content\/uploads\/2023\/01\/Affiche-ExoEndo-2023-lr-768x908.png 768w, https:\/\/www.neurosciences.asso.fr\/wp-content\/uploads\/2023\/01\/Affiche-ExoEndo-2023-lr-1299x1536.png 1299w, https:\/\/www.neurosciences.asso.fr\/wp-content\/uploads\/2023\/01\/Affiche-ExoEndo-2023-lr-1733x2048.png 1733w\" sizes=\"auto, (max-width: 254px) 100vw, 254px\" \/><\/a><\/strong><\/span><\/h4>\n<h4 style=\"text-align: left;\"><span style=\"color: #1f325e;\"><strong>25e R\u00e9union du Club Exocytose-Endocytose<\/strong><\/span><\/h4>\n<p><strong>1er au 3 Juin 2023 \u00e0 Lacanau<\/strong><\/p>\n<p><a href=\"https:\/\/www.neurosciences.asso.fr\/wp-content\/uploads\/2023\/01\/25th-annual-meeting-of-the-Club-Exocytose.pdf\" target=\"_blank\" rel=\"noopener\">Programme<\/a>[\/vc_cta][\/vc_column][\/vc_row][vc_row][vc_column][vc_empty_space][vc_text_separator title=&#8221;2022&#8243; title_align=&#8221;separator_align_left&#8221; color=&#8221;custom&#8221; css=&#8221;&#8221; accent_color=&#8221;#1F325E&#8221;][\/vc_column][\/vc_row][vc_row][vc_column width=&#8221;1\/2&#8243;][vc_cta h2=&#8221;&#8221; css=&#8221;.vc_custom_1720709975494{background-color: #ffffff !important;}&#8221;]\n<h4 style=\"text-align: center;\"><span style=\"color: #1f325e;\"><strong><a href=\"https:\/\/www.neurosciences.asso.fr\/wp-content\/uploads\/2022\/02\/Final-logo-1-300x300.png\"><img loading=\"lazy\" decoding=\"async\" class=\" wp-image-16427 aligncenter\" src=\"https:\/\/www.neurosciences.asso.fr\/wp-content\/uploads\/2022\/02\/Final-logo-1-300x300.png\" alt=\"\" width=\"159\" height=\"159\" srcset=\"https:\/\/www.neurosciences.asso.fr\/wp-content\/uploads\/2022\/02\/Final-logo-1-300x300.png 300w, https:\/\/www.neurosciences.asso.fr\/wp-content\/uploads\/2022\/02\/Final-logo-1-150x150.png 150w, https:\/\/www.neurosciences.asso.fr\/wp-content\/uploads\/2022\/02\/Final-logo-1.png 400w\" sizes=\"auto, (max-width: 159px) 100vw, 159px\" \/><\/a><\/strong><\/span><\/h4>\n<h4><span style=\"color: #1f325e;\"><strong>The 8th European Neuroscience Conference by Doctoral Students (ENCODS 2022)<\/strong><\/span><\/h4>\n<p><strong>July 7th-8th of 2022<\/strong><\/p>\n<p><a href=\"https:\/\/www.fens.org\/careers\/networks\/encods\" target=\"_blank\" rel=\"noopener\">Website<\/a>[\/vc_cta][\/vc_column][vc_column width=&#8221;1\/2&#8243;][vc_cta h2=&#8221;&#8221; css=&#8221;.vc_custom_1720710072064{background-color: #ffffff !important;}&#8221;]\n<h4><span style=\"color: #1f325e;\"><strong>Rencontres en Toxinologies (RT28) de la Soci\u00e9t\u00e9 Fran\u00e7aise pour l\u2019Etude des Toxines (SFET)<\/strong><\/span><\/h4>\n<p><strong>Paris, 28 au 29 novembre<\/strong><\/p>\n<p><a href=\"http:\/\/sfet.asso.fr\/international\/\" target=\"_blank\" rel=\"noopener\">Site<\/a>[\/vc_cta][\/vc_column][\/vc_row][vc_row][vc_column][vc_empty_space][vc_text_separator title=&#8221;2021&#8243; title_align=&#8221;separator_align_left&#8221; color=&#8221;custom&#8221; css=&#8221;&#8221; accent_color=&#8221;#1F325E&#8221;][\/vc_column][\/vc_row][vc_row][vc_column width=&#8221;1\/2&#8243;][vc_cta h2=&#8221;&#8221; css=&#8221;.vc_custom_1720771482194{background-color: #ffffff !important;}&#8221;]\n<h4 style=\"text-align: center;\"><span style=\"color: #1f325e;\"><strong><a href=\"https:\/\/www.neurosciences.asso.fr\/wp-content\/uploads\/2023\/07\/Capture-decran-2023-07-06-a-09.16.43-300x96.png\"><img loading=\"lazy\" decoding=\"async\" class=\"wp-image-20242 aligncenter\" src=\"https:\/\/www.neurosciences.asso.fr\/wp-content\/uploads\/2023\/07\/Capture-decran-2023-07-06-a-09.16.43-300x96.png\" alt=\"\" width=\"247\" height=\"79\" srcset=\"https:\/\/www.neurosciences.asso.fr\/wp-content\/uploads\/2023\/07\/Capture-decran-2023-07-06-a-09.16.43-300x96.png 300w, https:\/\/www.neurosciences.asso.fr\/wp-content\/uploads\/2023\/07\/Capture-decran-2023-07-06-a-09.16.43.png 748w\" sizes=\"auto, (max-width: 247px) 100vw, 247px\" \/><\/a><\/strong><\/span><\/h4>\n<h4><span style=\"color: #1f325e;\"><strong>Le Congr\u00e8s du Sommeil<\/strong><\/span><\/h4>\n<p><strong>Lille et en virtuel, 24-26 novembre 2021<\/strong><\/p>\n<p><a href=\"https:\/\/www.lecongresdusommeil.com\/\" target=\"_blank\" rel=\"noopener\">Site<\/a>[\/vc_cta][\/vc_column][vc_column width=&#8221;1\/2&#8243;][vc_cta h2=&#8221;&#8221; css=&#8221;.vc_custom_1720771769395{background-color: #ffffff !important;}&#8221;]\n<h4 style=\"text-align: center;\"><span style=\"color: #1f325e;\"><strong><a href=\"https:\/\/www.neurosciences.asso.fr\/wp-content\/uploads\/2021\/04\/Screenshot-2021-04-27-at-10.06.11-300x101.png\"><img loading=\"lazy\" decoding=\"async\" class=\"size-medium wp-image-14699 aligncenter\" src=\"https:\/\/www.neurosciences.asso.fr\/wp-content\/uploads\/2021\/04\/Screenshot-2021-04-27-at-10.06.11-300x101.png\" alt=\"27\u00e8mes rencontres en toxinologie\" width=\"300\" height=\"101\" srcset=\"https:\/\/www.neurosciences.asso.fr\/wp-content\/uploads\/2021\/04\/Screenshot-2021-04-27-at-10.06.11-300x101.png 300w, https:\/\/www.neurosciences.asso.fr\/wp-content\/uploads\/2021\/04\/Screenshot-2021-04-27-at-10.06.11.png 764w\" sizes=\"auto, (max-width: 300px) 100vw, 300px\" \/><\/a><\/strong><\/span><\/h4>\n<h4 style=\"text-align: left;\"><span style=\"color: #1f325e;\"><strong>Les 27\u00e8mes rencontres en toxinologie<\/strong><\/span><\/h4>\n<p><strong>9-10 d\u00e9cembre 2021 (format virtuel)<\/strong><\/p>\n<p><a href=\"http:\/\/sfet.asso.fr\/\" target=\"_blank\" rel=\"noopener\">Site<\/a>[\/vc_cta][\/vc_column][\/vc_row][vc_row][vc_column][vc_empty_space][vc_text_separator title=&#8221;2020&#8243; title_align=&#8221;separator_align_left&#8221; color=&#8221;custom&#8221; css=&#8221;&#8221; accent_color=&#8221;#1F325E&#8221;][\/vc_column][\/vc_row][vc_row][vc_column width=&#8221;1\/2&#8243;][vc_cta h2=&#8221;&#8221; css=&#8221;.vc_custom_1720771880588{background-color: #ffffff !important;}&#8221;]\n<h4 style=\"text-align: center;\"><span style=\"color: #1f325e;\"><strong><a href=\"https:\/\/www.neurosciences.asso.fr\/wp-content\/uploads\/2023\/07\/Capture-decran-2023-07-06-a-09.16.43-300x96.png\"><img loading=\"lazy\" decoding=\"async\" class=\"wp-image-20242 aligncenter\" src=\"https:\/\/www.neurosciences.asso.fr\/wp-content\/uploads\/2023\/07\/Capture-decran-2023-07-06-a-09.16.43-300x96.png\" alt=\"\" width=\"247\" height=\"79\" srcset=\"https:\/\/www.neurosciences.asso.fr\/wp-content\/uploads\/2023\/07\/Capture-decran-2023-07-06-a-09.16.43-300x96.png 300w, https:\/\/www.neurosciences.asso.fr\/wp-content\/uploads\/2023\/07\/Capture-decran-2023-07-06-a-09.16.43.png 748w\" sizes=\"auto, (max-width: 247px) 100vw, 247px\" \/><\/a><\/strong><\/span><\/h4>\n<h4><span style=\"color: #1f325e;\"><strong>Le Congr\u00e8s du Sommeil<\/strong><\/span><\/h4>\n<p><strong>Virtuel, 18-21 novembre 2020<\/strong><\/p>\n<p><a href=\"https:\/\/www.lecongresdusommeil.com\/\" target=\"_blank\" rel=\"noopener\">Site<\/a>[\/vc_cta][\/vc_column][vc_column width=&#8221;1\/2&#8243;][\/vc_column][\/vc_row][vc_row][vc_column][vc_empty_space][vc_text_separator title=&#8221;2019&#8243; title_align=&#8221;separator_align_left&#8221; color=&#8221;custom&#8221; css=&#8221;&#8221; accent_color=&#8221;#1F325E&#8221;][\/vc_column][\/vc_row][vc_row][vc_column width=&#8221;1\/2&#8243;][vc_cta h2=&#8221;&#8221; css=&#8221;.vc_custom_1720772703518{background-color: #ffffff !important;}&#8221;]\n<h4 style=\"text-align: center;\"><span style=\"color: #1f325e;\"><strong><a href=\"https:\/\/www.neurosciences.asso.fr\/wp-content\/uploads\/2019\/02\/HommeCerebral-300x74.jpg\"><img loading=\"lazy\" decoding=\"async\" class=\" wp-image-10550 aligncenter\" src=\"https:\/\/www.neurosciences.asso.fr\/wp-content\/uploads\/2019\/02\/HommeCerebral-300x74.jpg\" alt=\"\" width=\"360\" height=\"89\" srcset=\"https:\/\/www.neurosciences.asso.fr\/wp-content\/uploads\/2019\/02\/HommeCerebral-300x74.jpg 300w, https:\/\/www.neurosciences.asso.fr\/wp-content\/uploads\/2019\/02\/HommeCerebral-768x189.jpg 768w, https:\/\/www.neurosciences.asso.fr\/wp-content\/uploads\/2019\/02\/HommeCerebral-1024x251.jpg 1024w, https:\/\/www.neurosciences.asso.fr\/wp-content\/uploads\/2019\/02\/HommeCerebral.jpg 2000w\" sizes=\"auto, (max-width: 360px) 100vw, 360px\" \/><\/a><\/strong><\/span><\/h4>\n<h4><span style=\"color: #1f325e;\"><strong>L&#8217;Homme C\u00e9r\u00e9bral<br \/>\n<\/strong><\/span><\/h4>\n<p><strong>Monaco, 30 mars 2019<br \/>\n<\/strong><\/p>\n<p><a href=\"https:\/\/www.neurosciences.asso.fr\/wp-content\/uploads\/2019\/02\/HommeCerebral.pdf\" target=\"_blank\" rel=\"noopener\">Programme<\/a>[\/vc_cta][vc_cta h2=&#8221;&#8221; css=&#8221;.vc_custom_1720772996134{background-color: #ffffff !important;}&#8221;]\n<h4 style=\"text-align: center;\"><span style=\"color: #1f325e;\"><strong><a href=\"https:\/\/www.neurosciences.asso.fr\/wp-content\/uploads\/2019\/01\/image-300x93.png\"><img loading=\"lazy\" decoding=\"async\" class=\"alignnone wp-image-10451\" src=\"https:\/\/www.neurosciences.asso.fr\/wp-content\/uploads\/2019\/01\/image-300x93.png\" alt=\"\" width=\"306\" height=\"95\" srcset=\"https:\/\/www.neurosciences.asso.fr\/wp-content\/uploads\/2019\/01\/image-300x93.png 300w, https:\/\/www.neurosciences.asso.fr\/wp-content\/uploads\/2019\/01\/image-768x238.png 768w, https:\/\/www.neurosciences.asso.fr\/wp-content\/uploads\/2019\/01\/image-1024x318.png 1024w, https:\/\/www.neurosciences.asso.fr\/wp-content\/uploads\/2019\/01\/image.png 1177w\" sizes=\"auto, (max-width: 306px) 100vw, 306px\" \/><\/a><\/strong><\/span><\/h4>\n<h4><span style=\"color: #1f325e;\"><strong>2019 Neurodynamics Symposium<\/strong><\/span><\/h4>\n<p><strong>4-5 July, Grenoble<\/strong><\/p>\n<p><a href=\"https:\/\/neurodynamics.sciencesconf.org\/\" target=\"_blank\" rel=\"noopener\">Site<\/a>[\/vc_cta][\/vc_column][vc_column width=&#8221;1\/2&#8243;][vc_cta h2=&#8221;&#8221; css=&#8221;.vc_custom_1720772802969{background-color: #ffffff !important;}&#8221;]\n<h4 style=\"text-align: center;\"><span style=\"color: #1f325e;\"><strong><a href=\"https:\/\/www.neurosciences.asso.fr\/wp-content\/uploads\/2018\/11\/MMS-300x205.jpg\"><img loading=\"lazy\" decoding=\"async\" class=\"alignnone wp-image-10165\" src=\"https:\/\/www.neurosciences.asso.fr\/wp-content\/uploads\/2018\/11\/MMS-300x205.jpg\" alt=\"\" width=\"197\" height=\"135\" srcset=\"https:\/\/www.neurosciences.asso.fr\/wp-content\/uploads\/2018\/11\/MMS-300x205.jpg 300w, https:\/\/www.neurosciences.asso.fr\/wp-content\/uploads\/2018\/11\/MMS.jpg 440w\" sizes=\"auto, (max-width: 197px) 100vw, 197px\" \/><\/a><\/strong><\/span><\/h4>\n<h4><span style=\"color: #1f325e;\"><strong>7th Mediterranean Neuroscience Conference<\/strong><\/span><\/h4>\n<p><strong>23-27 Juin 2019, Marrakech, Maroc<\/strong><\/p>\n<p><a href=\"https:\/\/neurosciencemedite.wixsite.com\/mns-2019\" target=\"_blank\" rel=\"noopener\">Site<\/a>[\/vc_cta][vc_cta h2=&#8221;&#8221; css=&#8221;.vc_custom_1720773378717{background-color: #ffffff !important;}&#8221;]\n<h4 style=\"text-align: center;\"><span style=\"color: #1f325e;\"><strong><a href=\"https:\/\/www.neurosciences.asso.fr\/wp-content\/uploads\/2023\/07\/Capture-decran-2023-07-06-a-09.16.43-300x96.png\"><img loading=\"lazy\" decoding=\"async\" class=\"wp-image-20242 aligncenter\" src=\"https:\/\/www.neurosciences.asso.fr\/wp-content\/uploads\/2023\/07\/Capture-decran-2023-07-06-a-09.16.43-300x96.png\" alt=\"\" width=\"247\" height=\"79\" srcset=\"https:\/\/www.neurosciences.asso.fr\/wp-content\/uploads\/2023\/07\/Capture-decran-2023-07-06-a-09.16.43-300x96.png 300w, https:\/\/www.neurosciences.asso.fr\/wp-content\/uploads\/2023\/07\/Capture-decran-2023-07-06-a-09.16.43.png 748w\" sizes=\"auto, (max-width: 247px) 100vw, 247px\" \/><\/a><\/strong><\/span><\/h4>\n<h4><span style=\"color: #1f325e;\"><strong>Le Congr\u00e8s du Sommeil<\/strong><\/span><\/h4>\n<p><strong>Lille, 21-23 novembre 2019<\/strong><\/p>\n<p><a href=\"https:\/\/www.lecongresdusommeil.com\/\" target=\"_blank\" rel=\"noopener\">Site<\/a>[\/vc_cta][\/vc_column][\/vc_row][vc_row][vc_column][vc_empty_space][vc_text_separator title=&#8221;2018&#8243; title_align=&#8221;separator_align_left&#8221; color=&#8221;custom&#8221; css=&#8221;&#8221; accent_color=&#8221;#1F325E&#8221;][\/vc_column][\/vc_row][vc_row][vc_column width=&#8221;1\/2&#8243;][vc_cta h2=&#8221;&#8221; css=&#8221;.vc_custom_1720773686505{background-color: #ffffff !important;}&#8221;]\n<h4><span style=\"color: #1f325e;\"><strong><a href=\"https:\/\/www.neurosciences.asso.fr\/wp-content\/uploads\/2018\/09\/coen-montpellier-300x90.png\"><img loading=\"lazy\" decoding=\"async\" class=\"wp-image-9861 aligncenter\" src=\"https:\/\/www.neurosciences.asso.fr\/wp-content\/uploads\/2018\/09\/coen-montpellier-300x90.png\" alt=\"\" width=\"407\" height=\"122\" srcset=\"https:\/\/www.neurosciences.asso.fr\/wp-content\/uploads\/2018\/09\/coen-montpellier-300x90.png 300w, https:\/\/www.neurosciences.asso.fr\/wp-content\/uploads\/2018\/09\/coen-montpellier.png 334w\" sizes=\"auto, (max-width: 407px) 100vw, 407px\" \/><\/a><\/strong><\/span><\/h4>\n<h4><span style=\"color: #1f325e;\"><strong>1er Congr\u00e8s des CoEN<\/strong><\/span><\/h4>\n<p><strong>18-19 octobre 2018, Montpellier<\/strong>[\/vc_cta][vc_cta h2=&#8221;&#8221; css=&#8221;.vc_custom_1720773792130{background-color: #ffffff !important;}&#8221;]\n<h4 style=\"text-align: center;\"><span style=\"color: #1f325e;\"><strong><a href=\"https:\/\/www.neurosciences.asso.fr\/wp-content\/uploads\/2018\/09\/Neuralnet2018.png\"><img loading=\"lazy\" decoding=\"async\" class=\"size-full wp-image-9853 aligncenter\" src=\"https:\/\/www.neurosciences.asso.fr\/wp-content\/uploads\/2018\/09\/Neuralnet2018.png\" alt=\"\" width=\"150\" height=\"150\" \/><\/a><\/strong><\/span><\/h4>\n<h4><span style=\"color: #1f325e;\"><strong>Neuralnet2018 \u2013 Understanding neural networks : from dynamics to functions<\/strong><\/span><\/h4>\n<p><strong>5-7 d\u00e9cembre 2018, Paris<\/strong><\/p>\n<p><a href=\"https:\/\/neuralnet2018.sciencesconf.org\/\" target=\"_blank\" rel=\"noopener\">Site<\/a>[\/vc_cta][\/vc_column][vc_column width=&#8221;1\/2&#8243;][vc_cta h2=&#8221;&#8221; css=&#8221;.vc_custom_1720773716354{background-color: #ffffff !important;}&#8221;]\n<h4 style=\"text-align: center;\"><span style=\"color: #1f325e;\"><strong><a href=\"https:\/\/www.neurosciences.asso.fr\/wp-content\/uploads\/2023\/07\/Capture-decran-2023-07-06-a-09.16.43-300x96.png\"><img loading=\"lazy\" decoding=\"async\" class=\"wp-image-20242 aligncenter\" src=\"https:\/\/www.neurosciences.asso.fr\/wp-content\/uploads\/2023\/07\/Capture-decran-2023-07-06-a-09.16.43-300x96.png\" alt=\"\" width=\"247\" height=\"79\" srcset=\"https:\/\/www.neurosciences.asso.fr\/wp-content\/uploads\/2023\/07\/Capture-decran-2023-07-06-a-09.16.43-300x96.png 300w, https:\/\/www.neurosciences.asso.fr\/wp-content\/uploads\/2023\/07\/Capture-decran-2023-07-06-a-09.16.43.png 748w\" sizes=\"auto, (max-width: 247px) 100vw, 247px\" \/><\/a><\/strong><\/span><\/h4>\n<h4><span style=\"color: #1f325e;\"><strong>Le Congr\u00e8s du Sommeil<\/strong><\/span><\/h4>\n<p><strong>Lille, 22-24 novembre 2018<\/strong><\/p>\n<p><a href=\"https:\/\/www.lecongresdusommeil.com\/\" target=\"_blank\" rel=\"noopener\">Site<\/a>[\/vc_cta][\/vc_column][\/vc_row][vc_row][vc_column][vc_empty_space][vc_text_separator title=&#8221;2017&#8243; title_align=&#8221;separator_align_left&#8221; color=&#8221;custom&#8221; css=&#8221;&#8221; accent_color=&#8221;#1F325E&#8221;][\/vc_column][\/vc_row][vc_row][vc_column width=&#8221;1\/2&#8243;][vc_cta h2=&#8221;&#8221; css=&#8221;.vc_custom_1720774146720{background-color: #ffffff !important;}&#8221;]\n<h4 style=\"text-align: center;\"><span style=\"color: #1f325e;\"><strong><a href=\"https:\/\/www.neurosciences.asso.fr\/wp-content\/uploads\/2018\/11\/MMS-300x205.jpg\"><img loading=\"lazy\" decoding=\"async\" class=\"alignnone wp-image-10165\" src=\"https:\/\/www.neurosciences.asso.fr\/wp-content\/uploads\/2018\/11\/MMS-300x205.jpg\" alt=\"\" width=\"197\" height=\"135\" srcset=\"https:\/\/www.neurosciences.asso.fr\/wp-content\/uploads\/2018\/11\/MMS-300x205.jpg 300w, https:\/\/www.neurosciences.asso.fr\/wp-content\/uploads\/2018\/11\/MMS.jpg 440w\" sizes=\"auto, (max-width: 197px) 100vw, 197px\" \/><\/a><\/strong><\/span><\/h4>\n<h4><span style=\"color: #1f325e;\"><strong>6e meeting de la Mediterranean Neuroscience Society (MNS)<\/strong><\/span><\/h4>\n<p><strong>12 au 15 juin 2017, Malte<\/strong>[\/vc_cta][\/vc_column][vc_column width=&#8221;1\/2&#8243;][vc_cta h2=&#8221;&#8221; css=&#8221;.vc_custom_1720774088934{background-color: #ffffff !important;}&#8221;]\n<h4 style=\"text-align: center;\"><span style=\"color: #1f325e;\"><strong><a href=\"https:\/\/www.neurosciences.asso.fr\/wp-content\/uploads\/2023\/07\/Capture-decran-2023-07-06-a-09.16.43-300x96.png\"><img loading=\"lazy\" decoding=\"async\" class=\"wp-image-20242 aligncenter\" src=\"https:\/\/www.neurosciences.asso.fr\/wp-content\/uploads\/2023\/07\/Capture-decran-2023-07-06-a-09.16.43-300x96.png\" alt=\"\" width=\"247\" height=\"79\" srcset=\"https:\/\/www.neurosciences.asso.fr\/wp-content\/uploads\/2023\/07\/Capture-decran-2023-07-06-a-09.16.43-300x96.png 300w, https:\/\/www.neurosciences.asso.fr\/wp-content\/uploads\/2023\/07\/Capture-decran-2023-07-06-a-09.16.43.png 748w\" sizes=\"auto, (max-width: 247px) 100vw, 247px\" \/><\/a><\/strong><\/span><\/h4>\n<h4><span style=\"color: #1f325e;\"><strong>Le Congr\u00e8s du Sommeil<\/strong><\/span><\/h4>\n<p><strong>Marseille, 23-25 novembre 2017<\/strong><\/p>\n<p><a href=\"https:\/\/www.lecongresdusommeil.com\/\" target=\"_blank\" rel=\"noopener\">Site<\/a>[\/vc_cta][\/vc_column][\/vc_row][vc_row][vc_column][vc_empty_space][vc_text_separator title=&#8221;2016&#8243; title_align=&#8221;separator_align_left&#8221; color=&#8221;custom&#8221; css=&#8221;&#8221; accent_color=&#8221;#1F325E&#8221;][\/vc_column][\/vc_row][vc_row][vc_column width=&#8221;1\/2&#8243;][vc_cta h2=&#8221;&#8221; css=&#8221;.vc_custom_1720774844364{background-color: #ffffff !important;}&#8221;]\n<h4 style=\"text-align: center;\"><span style=\"color: #1f325e;\"><strong><a href=\"https:\/\/www.neurosciences.asso.fr\/wp-content\/uploads\/2015\/10\/iscm_1.png\"><img loading=\"lazy\" decoding=\"async\" class=\" wp-image-3202 aligncenter\" src=\"https:\/\/www.neurosciences.asso.fr\/wp-content\/uploads\/2015\/10\/iscm_1.png\" alt=\"\" width=\"124\" height=\"124\" \/><\/a><\/strong><\/span><\/h4>\n<h4 style=\"text-align: left;\"><span style=\"color: #1f325e;\"><strong>XVth International Symposium on Cholinergic Mechanisms<\/strong><\/span><\/h4>\n<p><strong>16-20 Octobre 2016<\/strong><\/p>\n<p><a href=\"https:\/\/iscm.sciencesconf.org\/\" target=\"_blank\" rel=\"noopener\">Site<\/a>[\/vc_cta][\/vc_column][vc_column width=&#8221;1\/2&#8243;][vc_cta h2=&#8221;&#8221; css=&#8221;.vc_custom_1720774678210{background-color: #ffffff !important;}&#8221;]\n<h4 style=\"text-align: center;\"><span style=\"color: #1f325e;\"><strong><a href=\"https:\/\/www.neurosciences.asso.fr\/wp-content\/uploads\/2023\/07\/Capture-decran-2023-07-06-a-09.16.43-300x96.png\"><img loading=\"lazy\" decoding=\"async\" class=\"wp-image-20242 aligncenter\" src=\"https:\/\/www.neurosciences.asso.fr\/wp-content\/uploads\/2023\/07\/Capture-decran-2023-07-06-a-09.16.43-300x96.png\" alt=\"\" width=\"247\" height=\"79\" srcset=\"https:\/\/www.neurosciences.asso.fr\/wp-content\/uploads\/2023\/07\/Capture-decran-2023-07-06-a-09.16.43-300x96.png 300w, https:\/\/www.neurosciences.asso.fr\/wp-content\/uploads\/2023\/07\/Capture-decran-2023-07-06-a-09.16.43.png 748w\" sizes=\"auto, (max-width: 247px) 100vw, 247px\" \/><\/a><\/strong><\/span><\/h4>\n<h4><span style=\"color: #1f325e;\"><strong>Le Congr\u00e8s du Sommeil<\/strong><\/span><\/h4>\n<p><strong>Strasbourg, 17-19 novembre 2016<\/strong><\/p>\n<p><a href=\"https:\/\/www.lecongresdusommeil.com\/\" target=\"_blank\" rel=\"noopener\">Site<\/a>[\/vc_cta][\/vc_column][\/vc_row][vc_row][vc_column][vc_empty_space][vc_text_separator title=&#8221;2015&#8243; title_align=&#8221;separator_align_left&#8221; color=&#8221;custom&#8221; css=&#8221;&#8221; accent_color=&#8221;#1F325E&#8221;][\/vc_column][\/vc_row][vc_row][vc_column width=&#8221;1\/2&#8243;][vc_cta h2=&#8221;&#8221; css=&#8221;.vc_custom_1720774930666{background-color: #ffffff !important;}&#8221;]\n<h4 style=\"text-align: center;\"><span style=\"color: #1f325e;\"><strong><a href=\"https:\/\/www.neurosciences.asso.fr\/wp-content\/uploads\/2023\/07\/Capture-decran-2023-07-06-a-09.16.43-300x96.png\"><img loading=\"lazy\" decoding=\"async\" class=\"wp-image-20242 aligncenter\" src=\"https:\/\/www.neurosciences.asso.fr\/wp-content\/uploads\/2023\/07\/Capture-decran-2023-07-06-a-09.16.43-300x96.png\" alt=\"\" width=\"247\" height=\"79\" srcset=\"https:\/\/www.neurosciences.asso.fr\/wp-content\/uploads\/2023\/07\/Capture-decran-2023-07-06-a-09.16.43-300x96.png 300w, https:\/\/www.neurosciences.asso.fr\/wp-content\/uploads\/2023\/07\/Capture-decran-2023-07-06-a-09.16.43.png 748w\" sizes=\"auto, (max-width: 247px) 100vw, 247px\" \/><\/a><\/strong><\/span><\/h4>\n<h4><span style=\"color: #1f325e;\"><strong>Le Congr\u00e8s du Sommeil<\/strong><\/span><\/h4>\n<p><strong>Nantes, 19-21 novembre 2015<\/strong><\/p>\n<p><a href=\"https:\/\/www.lecongresdusommeil.com\/\" target=\"_blank\" rel=\"noopener\">Site<\/a>[\/vc_cta][\/vc_column][vc_column width=&#8221;1\/2&#8243;][\/vc_column][\/vc_row][vc_row][vc_column][vc_empty_space][vc_text_separator title=&#8221;2014&#8243; title_align=&#8221;separator_align_left&#8221; color=&#8221;custom&#8221; css=&#8221;&#8221; accent_color=&#8221;#1F325E&#8221;][\/vc_column][\/vc_row][vc_row][vc_column width=&#8221;1\/2&#8243;][vc_cta h2=&#8221;&#8221; css=&#8221;.vc_custom_1720775159905{background-color: #ffffff !important;}&#8221;]\n<h4 style=\"text-align: center;\"><span style=\"color: #1f325e;\"><strong><a href=\"https:\/\/www.neurosciences.asso.fr\/wp-content\/uploads\/2015\/07\/febs-embo-2014-header.png\"><img loading=\"lazy\" decoding=\"async\" class=\"alignnone wp-image-1602\" src=\"https:\/\/www.neurosciences.asso.fr\/wp-content\/uploads\/2015\/07\/febs-embo-2014-header-300x57.png\" alt=\"\" width=\"374\" height=\"71\" srcset=\"https:\/\/www.neurosciences.asso.fr\/wp-content\/uploads\/2015\/07\/febs-embo-2014-header-300x57.png 300w, https:\/\/www.neurosciences.asso.fr\/wp-content\/uploads\/2015\/07\/febs-embo-2014-header-1024x193.png 1024w, https:\/\/www.neurosciences.asso.fr\/wp-content\/uploads\/2015\/07\/febs-embo-2014-header.png 1070w\" sizes=\"auto, (max-width: 374px) 100vw, 374px\" \/><\/a><\/strong><\/span><\/h4>\n<h4><span style=\"color: #1f325e;\"><strong>Congr\u00e8s FEBS-EMBO<\/strong><\/span><\/h4>\n<p><strong>du 30 ao\u00fbt au 4 septembre, Paris<\/strong>[\/vc_cta][vc_cta h2=&#8221;&#8221; css=&#8221;.vc_custom_1720775204304{background-color: #ffffff !important;}&#8221;]\n<h4 style=\"text-align: center;\"><span style=\"color: #1f325e;\"><strong><a href=\"https:\/\/www.neurosciences.asso.fr\/wp-content\/uploads\/2023\/07\/Capture-decran-2023-07-06-a-09.16.43-300x96.png\"><img loading=\"lazy\" decoding=\"async\" class=\"wp-image-20242 aligncenter\" src=\"https:\/\/www.neurosciences.asso.fr\/wp-content\/uploads\/2023\/07\/Capture-decran-2023-07-06-a-09.16.43-300x96.png\" alt=\"\" width=\"247\" height=\"79\" srcset=\"https:\/\/www.neurosciences.asso.fr\/wp-content\/uploads\/2023\/07\/Capture-decran-2023-07-06-a-09.16.43-300x96.png 300w, https:\/\/www.neurosciences.asso.fr\/wp-content\/uploads\/2023\/07\/Capture-decran-2023-07-06-a-09.16.43.png 748w\" sizes=\"auto, (max-width: 247px) 100vw, 247px\" \/><\/a><\/strong><\/span><\/h4>\n<h4><span style=\"color: #1f325e;\"><strong>Le Congr\u00e8s du Sommeil<\/strong><\/span><\/h4>\n<p><strong>Lille, 20-22 novembre 2014<\/strong><\/p>\n<p><a href=\"https:\/\/www.lecongresdusommeil.com\/\" target=\"_blank\" rel=\"noopener\">Site<\/a>[\/vc_cta][\/vc_column][vc_column width=&#8221;1\/2&#8243;][vc_cta h2=&#8221;&#8221; css=&#8221;.vc_custom_1720775146960{background-color: #ffffff !important;}&#8221;]\n<h4><span style=\"color: #1f325e;\"><strong><a href=\"https:\/\/www.neurosciences.asso.fr\/wp-content\/uploads\/2015\/07\/nutriBrain-Bordeaux.jpg\"><img loading=\"lazy\" decoding=\"async\" class=\" wp-image-1607 aligncenter\" src=\"https:\/\/www.neurosciences.asso.fr\/wp-content\/uploads\/2015\/07\/nutriBrain-Bordeaux-300x66.jpg\" alt=\"\" width=\"364\" height=\"80\" srcset=\"https:\/\/www.neurosciences.asso.fr\/wp-content\/uploads\/2015\/07\/nutriBrain-Bordeaux-300x66.jpg 300w, https:\/\/www.neurosciences.asso.fr\/wp-content\/uploads\/2015\/07\/nutriBrain-Bordeaux.jpg 984w\" sizes=\"auto, (max-width: 364px) 100vw, 364px\" \/><\/a><\/strong><\/span><\/h4>\n<h4><span style=\"color: #1f325e;\"><strong>\u00c9cole d\u2019\u00e9t\u00e9 internationale NutriBrain<\/strong><\/span><\/h4>\n<p><strong>du 1er au 12 septembre, Bordeaux <\/strong>[\/vc_cta][\/vc_column][\/vc_row][vc_row][vc_column][vc_empty_space][vc_text_separator title=&#8221;2013&#8243; title_align=&#8221;separator_align_left&#8221; color=&#8221;custom&#8221; css=&#8221;&#8221; accent_color=&#8221;#1F325E&#8221;][\/vc_column][\/vc_row][vc_row][vc_column width=&#8221;1\/2&#8243;][vc_cta h2=&#8221;&#8221; css=&#8221;.vc_custom_1720775543898{background-color: #ffffff !important;}&#8221;]\n<h4 style=\"text-align: center;\"><span style=\"color: #1f325e;\"><strong><a href=\"https:\/\/www.neurosciences.asso.fr\/wp-content\/uploads\/2015\/07\/SFEtudeToxine.jpg\"><img loading=\"lazy\" decoding=\"async\" class=\" wp-image-1614 aligncenter\" src=\"https:\/\/www.neurosciences.asso.fr\/wp-content\/uploads\/2015\/07\/SFEtudeToxine-300x55.jpg\" alt=\"\" width=\"633\" height=\"116\" srcset=\"https:\/\/www.neurosciences.asso.fr\/wp-content\/uploads\/2015\/07\/SFEtudeToxine-300x55.jpg 300w, https:\/\/www.neurosciences.asso.fr\/wp-content\/uploads\/2015\/07\/SFEtudeToxine.jpg 1000w\" sizes=\"auto, (max-width: 633px) 100vw, 633px\" \/><\/a><\/strong><\/span><\/h4>\n<h4><span style=\"color: #1f325e;\"><strong>21e Rencontres en Toxinologie (RT21) de la Soci\u00e9t\u00e9 Fran\u00e7aise pour l\u2019Etude des Toxines (SFET)<br \/>\n\u00ab\u00a0Freshwater and Marine Toxins\u00a0\u00bb<\/strong><\/span><\/h4>\n<p><strong>9-10 d\u00e9cembre 2013, Institut Pasteur, Paris<\/strong><\/p>\n<p><a href=\"http:\/\/sfet.asso.fr\/\" target=\"_blank\" rel=\"noopener\">Site<\/a>[\/vc_cta][\/vc_column][vc_column width=&#8221;1\/2&#8243;][\/vc_column][\/vc_row][vc_row][vc_column][vc_empty_space][vc_text_separator title=&#8221;2012&#8243; title_align=&#8221;separator_align_left&#8221; color=&#8221;custom&#8221; css=&#8221;&#8221; accent_color=&#8221;#1F325E&#8221;][\/vc_column][\/vc_row][vc_row][vc_column width=&#8221;1\/2&#8243;][vc_cta h2=&#8221;&#8221; css=&#8221;.vc_custom_1720775510938{background-color: #ffffff !important;}&#8221;]\n<h4><span style=\"color: #1f325e;\"><strong><a href=\"https:\/\/www.neurosciences.asso.fr\/wp-content\/uploads\/2015\/07\/Capture-d---e--cran-2015-07-03-a---11.30.00.png\"><img loading=\"lazy\" decoding=\"async\" class=\"alignnone wp-image-1619\" src=\"https:\/\/www.neurosciences.asso.fr\/wp-content\/uploads\/2015\/07\/Capture-d---e--cran-2015-07-03-a---11.30.00-300x53.png\" alt=\"\" width=\"442\" height=\"78\" srcset=\"https:\/\/www.neurosciences.asso.fr\/wp-content\/uploads\/2015\/07\/Capture-d---e--cran-2015-07-03-a---11.30.00-300x53.png 300w, https:\/\/www.neurosciences.asso.fr\/wp-content\/uploads\/2015\/07\/Capture-d---e--cran-2015-07-03-a---11.30.00.png 734w\" sizes=\"auto, (max-width: 442px) 100vw, 442px\" \/><\/a><\/strong><\/span><\/h4>\n<h4><span style=\"color: #1f325e;\"><strong>2nd Brain Diseases &amp; Molecular Machines<\/strong><\/span><\/h4>\n<p><strong>20-23 novembre 2012, Tokyo, Japon<\/strong><\/p>\n<p><a href=\"http:\/\/www.broca.inserm.fr\/BDMM\/\" target=\"_blank\" rel=\"noopener\">Site<\/a>[\/vc_cta][\/vc_column][vc_column width=&#8221;1\/2&#8243;][\/vc_column][\/vc_row]\n<\/div>","protected":false},"excerpt":{"rendered":"<p>[vc_row][vc_column][vc_column_text css=&#8221;&#8221;] Parrainages [\/vc_column_text][\/vc_column][\/vc_row][vc_row css=&#8221;.vc_custom_1720772053772{padding-top: -20px !important;padding-bottom: -20px !important;background-color: #ffffff !important;}&#8221;][vc_column][vc_column_text css=&#8221;&#8221;]Les membres de la Soci\u00e9t\u00e9 des Neurosciences participant \u00e0 l\u2019organisation de colloques dans le domaine des neurosciences peuvent demander le parrainage de la Soci\u00e9t\u00e9. Ce parrainage ne comportera pas de contribution financi\u00e8re. La Soci\u00e9t\u00e9 s\u2019engage pour garantir une meilleure repr\u00e9sentation de la diversit\u00e9 de [&hellip;]<\/p>\n","protected":false},"author":25,"featured_media":0,"parent":0,"menu_order":0,"comment_status":"closed","ping_status":"closed","template":"","meta":{"footnotes":""},"class_list":["post-24223","page","type-page","status-publish","hentry"],"publishpress_future_action":{"enabled":false,"date":"2026-05-10 10:59:33","action":"change-status","newStatus":"draft","terms":[],"taxonomy":"translation_priority"},"publishpress_future_workflow_manual_trigger":{"enabledWorkflows":[]},"_links":{"self":[{"href":"https:\/\/www.neurosciences.asso.fr\/en\/wp-json\/wp\/v2\/pages\/24223","targetHints":{"allow":["GET"]}}],"collection":[{"href":"https:\/\/www.neurosciences.asso.fr\/en\/wp-json\/wp\/v2\/pages"}],"about":[{"href":"https:\/\/www.neurosciences.asso.fr\/en\/wp-json\/wp\/v2\/types\/page"}],"author":[{"embeddable":true,"href":"https:\/\/www.neurosciences.asso.fr\/en\/wp-json\/wp\/v2\/users\/25"}],"replies":[{"embeddable":true,"href":"https:\/\/www.neurosciences.asso.fr\/en\/wp-json\/wp\/v2\/comments?post=24223"}],"version-history":[{"count":44,"href":"https:\/\/www.neurosciences.asso.fr\/en\/wp-json\/wp\/v2\/pages\/24223\/revisions"}],"predecessor-version":[{"id":29175,"href":"https:\/\/www.neurosciences.asso.fr\/en\/wp-json\/wp\/v2\/pages\/24223\/revisions\/29175"}],"wp:attachment":[{"href":"https:\/\/www.neurosciences.asso.fr\/en\/wp-json\/wp\/v2\/media?parent=24223"}],"curies":[{"name":"wp","href":"https:\/\/api.w.org\/{rel}","templated":true}]}}