{"id":3494,"date":"2025-04-10T09:26:16","date_gmt":"2025-04-10T07:26:16","guid":{"rendered":"https:\/\/www.neurosciences.asso.fr\/SN25\/?page_id=3494"},"modified":"2025-04-15T16:08:51","modified_gmt":"2025-04-15T14:08:51","slug":"evenements-grand-public","status":"publish","type":"page","link":"https:\/\/www.neurosciences.asso.fr\/SN25\/evenements-grand-public\/","title":{"rendered":"\u00c9v\u00e9nements grand public"},"content":{"rendered":"\n<p><\/p>\n\n\n\n<h2 class=\"wp-block-heading has-text-color has-link-color wp-elements-fed79e3013bd2da6f49c2b87669b8c5a\" style=\"color:#f1a919\">Conf\u00e9rences<\/h2>\n\n\n\n<div style=\"height:15px\" aria-hidden=\"true\" class=\"wp-block-spacer\"><\/div>\n\n\n\n<p><strong>These lectures will be held in French.<\/strong><\/p>\n\n\n\n<div style=\"height:15px\" aria-hidden=\"true\" class=\"wp-block-spacer\"><\/div>\n\n\n\n<h2 class=\"wp-block-heading\">Dans la t\u00eate de nos anc\u00eatres : que nous r\u00e9v\u00e8lent les endocr\u00e2nes fossiles ? <\/h2>\n\n\n\n<p><strong>Le lundi 12 mai 2025 \u00e0 19h00 \u00e0 l&rsquo;Amphith\u00e9\u00e2tre d&rsquo;Anatomie de la Facult\u00e9 de M\u00e9decine, 2 rue Ecole de M\u00e9decine, Montpellier<\/strong><\/p>\n\n\n\n<p>Conf\u00e9rence organis\u00e9e par la Com\u00e9die des Neurones<\/p>\n\n\n\n<p>Par Victor Giolland (Mus\u00e9um National d&rsquo;Histoire Naturelle, Paris)<\/p>\n\n\n\n<p>Le cerveau ne se fossilise pas, mais le moulage de l&rsquo;int\u00e9rieur du cr\u00e2ne &#8211; l&rsquo;endocr\u00e2ne &#8211; permet aux scientifiques d&rsquo;en \u00e9tudier le volume, la forme et m\u00eame la taille des diff\u00e9rents lobes. Il s&rsquo;agit d&rsquo;un objet d&rsquo;\u00e9tude utilis\u00e9 traditionnellement pour inf\u00e9rer des comportements chez de nombreuses esp\u00e8ces disparues, des mammif\u00e8res aux dinosaures, mais qui pr\u00e9sente certaines limites. Que peut-on r\u00e9ellement observer sur un endocr\u00e2ne ? Jusqu&rsquo;o\u00f9 peut-on interpr\u00e9ter la relation entre forme et fonction ? Que cela nous r\u00e9v\u00e8le-t-il sur le comportement de nos anc\u00eatres ? C&rsquo;est dans le cadre du projet ANR PaleoBRAIN que nous tentons de r\u00e9pondre \u00e0 toutes ces questions. Gr\u00e2ce aux avanc\u00e9es techniques en terme d\u2019imagerie 3D, les correspondances entre l\u2019endocr\u00e2ne et le cerveau chez des humains actuels ont pu \u00eatre \u00e9tablies. Cette approche originale nous ouvre de nouvelles perspectives afin d\u2019interpr\u00e9ter les informations neurologiques sur du mat\u00e9riel fossile. L\u2019empreinte des sillons c\u00e9r\u00e9braux, la complexit\u00e9 du r\u00e9seau diplo\u00efque et la lat\u00e9ralit\u00e9 sont autant d\u2019indices qui nous rapprochent d\u2019une meilleure compr\u00e9hension de la cognition des hominines disparus. Cette conf\u00e9rence fera le point sur les derni\u00e8res avanc\u00e9es dans ce domaine \u00e0 la crois\u00e9e entre pal\u00e9oanthropologie et neurosciences.<\/p>\n\n\n\n<div style=\"height:25px\" aria-hidden=\"true\" class=\"wp-block-spacer\"><\/div>\n\n\n\n<h2 class=\"wp-block-heading\">De l&rsquo;Homme Machine \u00e0 la Machine Homme<\/h2>\n\n\n\n<p><strong>Le mardi 13 mai 2025 \u00e0 19h00 \u00e0 l&rsquo;Institut de Botanique, rue Auguste Broussonnet, Montpellier<\/strong><\/p>\n\n\n\n<p>Par Abderrahmane Kheddar (Laboratoire d&rsquo;informatique, de robotique et de micro\u00e9lectronique de Montpellier)<\/p>\n\n\n\n<p>Une fa\u00e7on de comprendre comment nous raisonnons et agissons sur notre environnement, c\u2019est d\u2019essayer de reproduire nos capacit\u00e9s. Par exemple, concevoir une sorte de copie fonctionnelle de nous m\u00eames, un avatar cybern\u00e9tique utilisant la technologie robotique et l\u2019intelligence num\u00e9rique pour \u00e9muler nos comportements ainsi que nos capacit\u00e9s motrices et perceptives. Les robots humano\u00efdes ont un v\u00e9ritable potentiel d&rsquo;exploitation dans de nombreuses applications ; n\u00e9anmoins, ils sont aussi un outil pour \u00e9tudier des questions fondamentales en lien avec l\u2019\u00e9ternelle qu\u00eate de l\u2019Homme augment\u00e9. Leur forme leur conf\u00e8re des propri\u00e9t\u00e9s int\u00e9ressantes en termes d&rsquo;int\u00e9gration, d&rsquo;interaction, d&#8217;empathie et d\u2019encorporation. L&rsquo;encorporation est une caract\u00e9ristique qui va au-del\u00e0 des technologies de t\u00e9l\u00e9pr\u00e9sence robotique : ses m\u00e9canismes et sa caract\u00e9risation effective sont loin d&rsquo;\u00eatre bien compris. Pourtant, cette compr\u00e9hension est tr\u00e8s importante pour les technologies de la robotique bionique et la robotique portable en g\u00e9n\u00e9ral.<\/p>\n\n\n\n<div style=\"height:25px\" aria-hidden=\"true\" class=\"wp-block-spacer\"><\/div>\n\n\n\n<h2 class=\"wp-block-heading has-text-color has-link-color wp-elements-3fc0807632497b70d3fe881461153d4b\" style=\"color:#f1a919\">Exposition photos<\/h2>\n\n\n\n<div style=\"height:15px\" aria-hidden=\"true\" class=\"wp-block-spacer\"><\/div>\n\n\n\n<p>Dans le cadre du congr\u00e8s NeuroFrance 2025, une exposition publique de photos grand format (1mx1m) de neurosciences se tiendra dans les Jardins de la Maison des Relations Internationales (en face du Corum, acc\u00e8s par la passerelle). 21 photos seront expos\u00e9es pour illustrer la beaut\u00e9 des neurosciences montpelli\u00e9raines aupr\u00e8s du grand public.<\/p>\n\n\n\n<p>L\u2019exposition sera ouverte au public du mardi 13 au jeudi 15 mai 2025<em>.<\/em><\/p>\n\n\n\n<div style=\"height:25px\" aria-hidden=\"true\" class=\"wp-block-spacer\"><\/div>\n\n\n\n<p><\/p>\n","protected":false},"excerpt":{"rendered":"<p>Conf\u00e9rences These lectures will be held in French. Dans la t\u00eate de nos anc\u00eatres : que nous r\u00e9v\u00e8lent les endocr\u00e2nes fossiles ? Le lundi 12 mai 2025 \u00e0 19h00 \u00e0 l&rsquo;Amphith\u00e9\u00e2tre d&rsquo;Anatomie de la Facult\u00e9 de M\u00e9decine, 2 rue Ecole de M\u00e9decine, Montpellier Conf\u00e9rence organis\u00e9e par la Com\u00e9die des Neurones Par Victor Giolland (Mus\u00e9um National [&hellip;]<\/p>\n","protected":false},"author":2,"featured_media":0,"parent":0,"menu_order":0,"comment_status":"closed","ping_status":"closed","template":"","meta":{"footnotes":""},"categories":[],"tags":[],"yoast_head":"<!-- This site is optimized with the Yoast SEO plugin v22.0 - https:\/\/yoast.com\/wordpress\/plugins\/seo\/ -->\n<title>\u00c9v\u00e9nements grand public - NeuroFrance 2025<\/title>\n<meta name=\"robots\" content=\"index, follow, max-snippet:-1, max-image-preview:large, max-video-preview:-1\" \/>\n<link rel=\"canonical\" href=\"https:\/\/www.neurosciences.asso.fr\/SN25\/evenements-grand-public\/\" \/>\n<meta property=\"og:locale\" content=\"fr_FR\" \/>\n<meta property=\"og:type\" content=\"article\" \/>\n<meta property=\"og:title\" content=\"\u00c9v\u00e9nements grand public - NeuroFrance 2025\" \/>\n<meta property=\"og:description\" content=\"Conf\u00e9rences These lectures will be held in French. Dans la t\u00eate de nos anc\u00eatres : que nous r\u00e9v\u00e8lent les endocr\u00e2nes fossiles ? Le lundi 12 mai 2025 \u00e0 19h00 \u00e0 l&rsquo;Amphith\u00e9\u00e2tre d&rsquo;Anatomie de la Facult\u00e9 de M\u00e9decine, 2 rue Ecole de M\u00e9decine, Montpellier Conf\u00e9rence organis\u00e9e par la Com\u00e9die des Neurones Par Victor Giolland (Mus\u00e9um National [&hellip;]\" \/>\n<meta property=\"og:url\" content=\"https:\/\/www.neurosciences.asso.fr\/SN25\/evenements-grand-public\/\" \/>\n<meta property=\"og:site_name\" content=\"NeuroFrance 2025\" \/>\n<meta property=\"article:publisher\" content=\"https:\/\/www.facebook.com\/Socit-des-Neurosciences-527221547452099\" \/>\n<meta property=\"article:modified_time\" content=\"2025-04-15T14:08:51+00:00\" \/>\n<meta property=\"og:image\" content=\"https:\/\/www.neurosciences.asso.fr\/SN25\/wp-content\/uploads\/2024\/02\/img_fond_2K-1024x563.png\" \/>\n\t<meta property=\"og:image:width\" content=\"1024\" \/>\n\t<meta property=\"og:image:height\" content=\"563\" \/>\n\t<meta property=\"og:image:type\" content=\"image\/png\" \/>\n<meta name=\"twitter:card\" content=\"summary_large_image\" \/>\n<meta name=\"twitter:label1\" content=\"Dur\u00e9e de lecture estim\u00e9e\" \/>\n\t<meta name=\"twitter:data1\" content=\"3 minutes\" \/>\n<script type=\"application\/ld+json\" class=\"yoast-schema-graph\">{\"@context\":\"https:\/\/schema.org\",\"@graph\":[{\"@type\":\"WebPage\",\"@id\":\"https:\/\/www.neurosciences.asso.fr\/SN25\/evenements-grand-public\/\",\"url\":\"https:\/\/www.neurosciences.asso.fr\/SN25\/evenements-grand-public\/\",\"name\":\"\u00c9v\u00e9nements grand public - NeuroFrance 2025\",\"isPartOf\":{\"@id\":\"https:\/\/www.neurosciences.asso.fr\/SN25\/#website\"},\"datePublished\":\"2025-04-10T07:26:16+00:00\",\"dateModified\":\"2025-04-15T14:08:51+00:00\",\"breadcrumb\":{\"@id\":\"https:\/\/www.neurosciences.asso.fr\/SN25\/evenements-grand-public\/#breadcrumb\"},\"inLanguage\":\"fr-FR\",\"potentialAction\":[{\"@type\":\"ReadAction\",\"target\":[\"https:\/\/www.neurosciences.asso.fr\/SN25\/evenements-grand-public\/\"]}]},{\"@type\":\"BreadcrumbList\",\"@id\":\"https:\/\/www.neurosciences.asso.fr\/SN25\/evenements-grand-public\/#breadcrumb\",\"itemListElement\":[{\"@type\":\"ListItem\",\"position\":1,\"name\":\"Home\",\"item\":\"https:\/\/www.neurosciences.asso.fr\/SN25\/\"},{\"@type\":\"ListItem\",\"position\":2,\"name\":\"\u00c9v\u00e9nements grand public\"}]},{\"@type\":\"WebSite\",\"@id\":\"https:\/\/www.neurosciences.asso.fr\/SN25\/#website\",\"url\":\"https:\/\/www.neurosciences.asso.fr\/SN25\/\",\"name\":\"NeuroFrance 2025\",\"description\":\"Colloque international\",\"publisher\":{\"@id\":\"https:\/\/www.neurosciences.asso.fr\/SN25\/#organization\"},\"potentialAction\":[{\"@type\":\"SearchAction\",\"target\":{\"@type\":\"EntryPoint\",\"urlTemplate\":\"https:\/\/www.neurosciences.asso.fr\/SN25\/?s={search_term_string}\"},\"query-input\":\"required name=search_term_string\"}],\"inLanguage\":\"fr-FR\"},{\"@type\":\"Organization\",\"@id\":\"https:\/\/www.neurosciences.asso.fr\/SN25\/#organization\",\"name\":\"Soci\u00e9t\u00e9 des Neurosciences\",\"url\":\"https:\/\/www.neurosciences.asso.fr\/SN25\/\",\"logo\":{\"@type\":\"ImageObject\",\"inLanguage\":\"fr-FR\",\"@id\":\"https:\/\/www.neurosciences.asso.fr\/SN25\/#\/schema\/logo\/image\/\",\"url\":\"https:\/\/www.neurosciences.asso.fr\/SN25\/wp-content\/uploads\/2024\/02\/SDN-Logo-bleu_150pxRetina.png\",\"contentUrl\":\"https:\/\/www.neurosciences.asso.fr\/SN25\/wp-content\/uploads\/2024\/02\/SDN-Logo-bleu_150pxRetina.png\",\"width\":300,\"height\":190,\"caption\":\"Soci\u00e9t\u00e9 des Neurosciences\"},\"image\":{\"@id\":\"https:\/\/www.neurosciences.asso.fr\/SN25\/#\/schema\/logo\/image\/\"},\"sameAs\":[\"https:\/\/www.facebook.com\/Socit-des-Neurosciences-527221547452099\",\"https:\/\/www.instagram.com\/socneurosciences\/\",\"https:\/\/www.youtube.com\/channel\/UCK24q27NAZeyBM8h1W5o7Tw\",\"https:\/\/x.com\/SocNeuro_Tweets\"]}]}<\/script>\n<!-- \/ Yoast SEO plugin. -->","yoast_head_json":{"title":"\u00c9v\u00e9nements grand public - NeuroFrance 2025","robots":{"index":"index","follow":"follow","max-snippet":"max-snippet:-1","max-image-preview":"max-image-preview:large","max-video-preview":"max-video-preview:-1"},"canonical":"https:\/\/www.neurosciences.asso.fr\/SN25\/evenements-grand-public\/","og_locale":"fr_FR","og_type":"article","og_title":"\u00c9v\u00e9nements grand public - NeuroFrance 2025","og_description":"Conf\u00e9rences These lectures will be held in French. Dans la t\u00eate de nos anc\u00eatres : que nous r\u00e9v\u00e8lent les endocr\u00e2nes fossiles ? Le lundi 12 mai 2025 \u00e0 19h00 \u00e0 l&rsquo;Amphith\u00e9\u00e2tre d&rsquo;Anatomie de la Facult\u00e9 de M\u00e9decine, 2 rue Ecole de M\u00e9decine, Montpellier Conf\u00e9rence organis\u00e9e par la Com\u00e9die des Neurones Par Victor Giolland (Mus\u00e9um National [&hellip;]","og_url":"https:\/\/www.neurosciences.asso.fr\/SN25\/evenements-grand-public\/","og_site_name":"NeuroFrance 2025","article_publisher":"https:\/\/www.facebook.com\/Socit-des-Neurosciences-527221547452099","article_modified_time":"2025-04-15T14:08:51+00:00","og_image":[{"width":1024,"height":563,"url":"https:\/\/www.neurosciences.asso.fr\/SN25\/wp-content\/uploads\/2024\/02\/img_fond_2K-1024x563.png","type":"image\/png"}],"twitter_card":"summary_large_image","twitter_misc":{"Dur\u00e9e de lecture estim\u00e9e":"3 minutes"},"schema":{"@context":"https:\/\/schema.org","@graph":[{"@type":"WebPage","@id":"https:\/\/www.neurosciences.asso.fr\/SN25\/evenements-grand-public\/","url":"https:\/\/www.neurosciences.asso.fr\/SN25\/evenements-grand-public\/","name":"\u00c9v\u00e9nements grand public - NeuroFrance 2025","isPartOf":{"@id":"https:\/\/www.neurosciences.asso.fr\/SN25\/#website"},"datePublished":"2025-04-10T07:26:16+00:00","dateModified":"2025-04-15T14:08:51+00:00","breadcrumb":{"@id":"https:\/\/www.neurosciences.asso.fr\/SN25\/evenements-grand-public\/#breadcrumb"},"inLanguage":"fr-FR","potentialAction":[{"@type":"ReadAction","target":["https:\/\/www.neurosciences.asso.fr\/SN25\/evenements-grand-public\/"]}]},{"@type":"BreadcrumbList","@id":"https:\/\/www.neurosciences.asso.fr\/SN25\/evenements-grand-public\/#breadcrumb","itemListElement":[{"@type":"ListItem","position":1,"name":"Home","item":"https:\/\/www.neurosciences.asso.fr\/SN25\/"},{"@type":"ListItem","position":2,"name":"\u00c9v\u00e9nements grand public"}]},{"@type":"WebSite","@id":"https:\/\/www.neurosciences.asso.fr\/SN25\/#website","url":"https:\/\/www.neurosciences.asso.fr\/SN25\/","name":"NeuroFrance 2025","description":"Colloque international","publisher":{"@id":"https:\/\/www.neurosciences.asso.fr\/SN25\/#organization"},"potentialAction":[{"@type":"SearchAction","target":{"@type":"EntryPoint","urlTemplate":"https:\/\/www.neurosciences.asso.fr\/SN25\/?s={search_term_string}"},"query-input":"required name=search_term_string"}],"inLanguage":"fr-FR"},{"@type":"Organization","@id":"https:\/\/www.neurosciences.asso.fr\/SN25\/#organization","name":"Soci\u00e9t\u00e9 des Neurosciences","url":"https:\/\/www.neurosciences.asso.fr\/SN25\/","logo":{"@type":"ImageObject","inLanguage":"fr-FR","@id":"https:\/\/www.neurosciences.asso.fr\/SN25\/#\/schema\/logo\/image\/","url":"https:\/\/www.neurosciences.asso.fr\/SN25\/wp-content\/uploads\/2024\/02\/SDN-Logo-bleu_150pxRetina.png","contentUrl":"https:\/\/www.neurosciences.asso.fr\/SN25\/wp-content\/uploads\/2024\/02\/SDN-Logo-bleu_150pxRetina.png","width":300,"height":190,"caption":"Soci\u00e9t\u00e9 des Neurosciences"},"image":{"@id":"https:\/\/www.neurosciences.asso.fr\/SN25\/#\/schema\/logo\/image\/"},"sameAs":["https:\/\/www.facebook.com\/Socit-des-Neurosciences-527221547452099","https:\/\/www.instagram.com\/socneurosciences\/","https:\/\/www.youtube.com\/channel\/UCK24q27NAZeyBM8h1W5o7Tw","https:\/\/x.com\/SocNeuro_Tweets"]}]}},"_links":{"self":[{"href":"https:\/\/www.neurosciences.asso.fr\/SN25\/wp-json\/wp\/v2\/pages\/3494"}],"collection":[{"href":"https:\/\/www.neurosciences.asso.fr\/SN25\/wp-json\/wp\/v2\/pages"}],"about":[{"href":"https:\/\/www.neurosciences.asso.fr\/SN25\/wp-json\/wp\/v2\/types\/page"}],"author":[{"embeddable":true,"href":"https:\/\/www.neurosciences.asso.fr\/SN25\/wp-json\/wp\/v2\/users\/2"}],"replies":[{"embeddable":true,"href":"https:\/\/www.neurosciences.asso.fr\/SN25\/wp-json\/wp\/v2\/comments?post=3494"}],"version-history":[{"count":11,"href":"https:\/\/www.neurosciences.asso.fr\/SN25\/wp-json\/wp\/v2\/pages\/3494\/revisions"}],"predecessor-version":[{"id":3541,"href":"https:\/\/www.neurosciences.asso.fr\/SN25\/wp-json\/wp\/v2\/pages\/3494\/revisions\/3541"}],"wp:attachment":[{"href":"https:\/\/www.neurosciences.asso.fr\/SN25\/wp-json\/wp\/v2\/media?parent=3494"}],"wp:term":[{"taxonomy":"category","embeddable":true,"href":"https:\/\/www.neurosciences.asso.fr\/SN25\/wp-json\/wp\/v2\/categories?post=3494"},{"taxonomy":"post_tag","embeddable":true,"href":"https:\/\/www.neurosciences.asso.fr\/SN25\/wp-json\/wp\/v2\/tags?post=3494"}],"curies":[{"name":"wp","href":"https:\/\/api.w.org\/{rel}","templated":true}]}}